{"id":77,"date":"2024-09-05T09:36:46","date_gmt":"2024-09-05T09:36:46","guid":{"rendered":"http:\/\/www.genealogie.herve-bennezon.com\/?post_type=product&#038;p=77"},"modified":"2024-11-23T09:32:38","modified_gmt":"2024-11-23T09:32:38","slug":"histoire-du-grand-paris-de-la-renaissance-a-la-revolution","status":"publish","type":"product","link":"https:\/\/www.herve-bennezon.com\/?product=histoire-du-grand-paris-de-la-renaissance-a-la-revolution","title":{"rendered":"Histoire du Grand Paris, de la Renaissance \u00e0 la R\u00e9volution"},"content":{"rendered":"<p><strong><em>Histoire du Grand Paris, de la Renaissance \u00e0 la R\u00e9volution<\/em><\/strong><\/p>\n<p>Paris, Editions Perrin, 2009<\/p>\n<p>En collaboration avec Robert Muchembled et Marie-Jos\u00e9 Michel<\/p>\n<p>415 pages<\/p>\n","protected":false},"excerpt":{"rendered":"<p>La question des rapports entre Paris et sa r\u00e9gion se pose depuis des si\u00e8cles. Avant la R\u00e9volution, l&rsquo;\u00cele-de-France se compose de petits ou de gros villages, et de rares petites villes comme Pontoise et Saint-Denis. Chacun y joue son r\u00f4le : Gonesse livre le pain \u00e0 Paris trois fois par semaine ; Argenteuil, le vin de sa vigne ; Montreuil, ses fruits, notamment ses p\u00eaches r\u00e9put\u00e9es pour leur qualit\u00e9 ; Montmorency, ses cerises. Villiers-le-Bel fournit la dentelle fabriqu\u00e9e par sa communaut\u00e9 protestante ; Boulogne, le linge lav\u00e9 et blanchi, etc. En fin de semaine, les Parisiens vont s&rsquo;a\u00e9rer dans le joli village de Villiers-le-Bel, l&rsquo;un de leurs pr\u00e9f\u00e9r\u00e9s, ou \u00e0 Montreuil, \u00c9couen, mais aussi Versailles ou Chantilly. La vie y est douce, moins bruyante, plus saine qu&rsquo;\u00e0 Paris, gigantesque m\u00e9tropole tr\u00e8s sale et pollu\u00e9e.<br \/>\nAu XVIIe si\u00e8cle, l&rsquo;ombre de Paris s&rsquo;\u00e9tend sur l&rsquo;\u00cele-de-France. Pour nourrir une population qui double en un si\u00e8cle, la capitale joue un r\u00f4le essentiel dans l&rsquo;arbitrage de l&rsquo;offre et de la demande, imposant ses exigences absolues \u00e0 tous les acteurs r\u00e9gionaux. Robert Muchembled, dans cet ouvrage collectif novateur, parle ainsi d&rsquo;une v\u00e9ritable colonisation \u00e9conomique et humaine au si\u00e8cle des Lumi\u00e8res. Attir\u00e9s par les mirages parisiens, Franciliens et provinciaux fuyant la pauvret\u00e9 ou la famine viennent vivre au rythme de cette \u00e9conomie \u00e0 plusieurs vitesses.<br \/>\nArchives \u00e0 l&rsquo;appui, le livre fait revivre un monde aujourd&rsquo;hui r\u00e9volu et t\u00e9moigne de l&rsquo;engouement pour la vie aux champs en \u00cele-de-France, ainsi que de l&rsquo;extraordinaire rayonnement de Paris tant par son influence sur le go\u00fbt, le confort, le luxe, la sociabilit\u00e9, qu&rsquo;en mati\u00e8re de civilisation des m\u0153urs.<\/p>\n<p>&nbsp;<\/p>\n<p>CET OUVRAGE EST ENCORE DISPONIBLE SUR LE SITE DE L&rsquo;EDITEUR<\/p>\n","protected":false},"featured_media":78,"comment_status":"open","ping_status":"closed","template":"","meta":[],"product_brand":[],"product_cat":[17],"product_tag":[],"class_list":{"0":"post-77","1":"product","2":"type-product","3":"status-publish","4":"has-post-thumbnail","6":"product_cat-livre","8":"first","9":"outofstock","10":"shipping-taxable","11":"purchasable","12":"product-type-simple"},"_links":{"self":[{"href":"https:\/\/www.herve-bennezon.com\/index.php?rest_route=\/wp\/v2\/product\/77","targetHints":{"allow":["GET"]}}],"collection":[{"href":"https:\/\/www.herve-bennezon.com\/index.php?rest_route=\/wp\/v2\/product"}],"about":[{"href":"https:\/\/www.herve-bennezon.com\/index.php?rest_route=\/wp\/v2\/types\/product"}],"replies":[{"embeddable":true,"href":"https:\/\/www.herve-bennezon.com\/index.php?rest_route=%2Fwp%2Fv2%2Fcomments&post=77"}],"wp:featuredmedia":[{"embeddable":true,"href":"https:\/\/www.herve-bennezon.com\/index.php?rest_route=\/wp\/v2\/media\/78"}],"wp:attachment":[{"href":"https:\/\/www.herve-bennezon.com\/index.php?rest_route=%2Fwp%2Fv2%2Fmedia&parent=77"}],"wp:term":[{"taxonomy":"product_brand","embeddable":true,"href":"https:\/\/www.herve-bennezon.com\/index.php?rest_route=%2Fwp%2Fv2%2Fproduct_brand&post=77"},{"taxonomy":"product_cat","embeddable":true,"href":"https:\/\/www.herve-bennezon.com\/index.php?rest_route=%2Fwp%2Fv2%2Fproduct_cat&post=77"},{"taxonomy":"product_tag","embeddable":true,"href":"https:\/\/www.herve-bennezon.com\/index.php?rest_route=%2Fwp%2Fv2%2Fproduct_tag&post=77"}],"curies":[{"name":"wp","href":"https:\/\/api.w.org\/{rel}","templated":true}]}}