{"id":83,"date":"2024-09-05T09:47:42","date_gmt":"2024-09-05T09:47:42","guid":{"rendered":"http:\/\/www.genealogie.herve-bennezon.com\/?page_id=83"},"modified":"2024-11-23T12:27:50","modified_gmt":"2024-11-23T12:27:50","slug":"83-2","status":"publish","type":"page","link":"https:\/\/www.herve-bennezon.com\/","title":{"rendered":""},"content":{"rendered":"\n<figure class=\"wp-block-image aligncenter size-full is-resized\"><img loading=\"lazy\" decoding=\"async\" width=\"900\" height=\"767\" src=\"http:\/\/www.genealogie.herve-bennezon.com\/wp-content\/uploads\/2024\/09\/Photo-accueil.jpg\" alt=\"\" class=\"wp-image-8\" style=\"width:571px;height:auto\" srcset=\"https:\/\/www.herve-bennezon.com\/wp-content\/uploads\/2024\/09\/Photo-accueil.jpg 900w, https:\/\/www.herve-bennezon.com\/wp-content\/uploads\/2024\/09\/Photo-accueil-800x682.jpg 800w, https:\/\/www.herve-bennezon.com\/wp-content\/uploads\/2024\/09\/Photo-accueil-300x256.jpg 300w, https:\/\/www.herve-bennezon.com\/wp-content\/uploads\/2024\/09\/Photo-accueil-768x655.jpg 768w, https:\/\/www.herve-bennezon.com\/wp-content\/uploads\/2024\/09\/Photo-accueil-230x196.jpg 230w, https:\/\/www.herve-bennezon.com\/wp-content\/uploads\/2024\/09\/Photo-accueil-350x298.jpg 350w, https:\/\/www.herve-bennezon.com\/wp-content\/uploads\/2024\/09\/Photo-accueil-480x409.jpg 480w\" sizes=\"auto, (max-width: 900px) 100vw, 900px\" \/><\/figure>\n\n\n\n<hr class=\"wp-block-separator has-alpha-channel-opacity\"\/>\n\n\n\n<h2 class=\"wp-block-heading\">Les derniers livres<\/h2>\n\n\n\n<div data-align-buttons=\"true\" data-block-name=\"woocommerce\/all-products\" data-columns=\"3\" data-content-visibility=\"{&quot;orderBy&quot;:true}\" data-layout-config=\"[[&quot;woocommerce\\\/product-image&quot;,{&quot;imageSizing&quot;:&quot;thumbnail&quot;}],[&quot;woocommerce\\\/product-title&quot;],[&quot;woocommerce\\\/product-price&quot;],[&quot;woocommerce\\\/product-rating&quot;],[&quot;woocommerce\\\/product-button&quot;]]\" data-orderby=\"date\" data-rows=\"1\" class=\"wp-block-woocommerce-all-products wc-block-all-products\" data-attributes=\"{&quot;alignButtons&quot;:true,&quot;columns&quot;:3,&quot;contentVisibility&quot;:{&quot;orderBy&quot;:true},&quot;isPreview&quot;:false,&quot;layoutConfig&quot;:[[&quot;woocommerce\/product-image&quot;,{&quot;imageSizing&quot;:&quot;thumbnail&quot;}],[&quot;woocommerce\/product-title&quot;],[&quot;woocommerce\/product-price&quot;],[&quot;woocommerce\/product-rating&quot;],[&quot;woocommerce\/product-button&quot;]],&quot;orderby&quot;:&quot;date&quot;,&quot;rows&quot;:1}\">\n\n\n<div data-block-name=\"woocommerce\/product-title\" class=\"wp-block-woocommerce-product-title is-loading\"><\/div>\n\n\n\n\n\n<div data-block-name=\"woocommerce\/product-rating\" class=\"is-loading\"><\/div>\n\n\n<\/div>\n\n\n\n<p class=\"has-text-align-center\"><a href=\"http:\/\/www.genealogie.herve-bennezon.com\/?page_id=81\" data-type=\"page\" data-id=\"81\">Voir tous les livres<\/a><\/p>\n\n\n\n<hr class=\"wp-block-separator has-alpha-channel-opacity\"\/>\n\n\n\n<div class=\"wp-block-query is-layout-flow wp-block-query-is-layout-flow\"><ul class=\"wp-block-post-template is-layout-flow wp-block-post-template-is-layout-flow\"><li class=\"wp-block-post post-431 post type-post status-publish format-standard has-post-thumbnail hentry category-revue-de-presse\">\n<h1 style=\"font-style:normal;font-weight:700;\" class=\"wp-block-post-title has-x-large-font-size\"><a href=\"https:\/\/www.herve-bennezon.com\/?p=431\" target=\"_self\" >Ma derni\u00e8re publication<\/a><\/h1>\n\n<figure class=\"wp-block-post-featured-image\"><img loading=\"lazy\" decoding=\"async\" width=\"1928\" height=\"2560\" src=\"https:\/\/www.herve-bennezon.com\/wp-content\/uploads\/2025\/10\/Cafe-Livre-scaled.jpg\" class=\"attachment-post-thumbnail size-post-thumbnail wp-post-image\" alt=\"\" style=\"object-fit:cover;\" srcset=\"https:\/\/www.herve-bennezon.com\/wp-content\/uploads\/2025\/10\/Cafe-Livre-scaled.jpg 1928w, https:\/\/www.herve-bennezon.com\/wp-content\/uploads\/2025\/10\/Cafe-Livre-226x300.jpg 226w, https:\/\/www.herve-bennezon.com\/wp-content\/uploads\/2025\/10\/Cafe-Livre-771x1024.jpg 771w, https:\/\/www.herve-bennezon.com\/wp-content\/uploads\/2025\/10\/Cafe-Livre-768x1020.jpg 768w, https:\/\/www.herve-bennezon.com\/wp-content\/uploads\/2025\/10\/Cafe-Livre-1157x1536.jpg 1157w, https:\/\/www.herve-bennezon.com\/wp-content\/uploads\/2025\/10\/Cafe-Livre-1542x2048.jpg 1542w, https:\/\/www.herve-bennezon.com\/wp-content\/uploads\/2025\/10\/Cafe-Livre-1000x1328.jpg 1000w, https:\/\/www.herve-bennezon.com\/wp-content\/uploads\/2025\/10\/Cafe-Livre-230x305.jpg 230w, https:\/\/www.herve-bennezon.com\/wp-content\/uploads\/2025\/10\/Cafe-Livre-350x465.jpg 350w, https:\/\/www.herve-bennezon.com\/wp-content\/uploads\/2025\/10\/Cafe-Livre-480x638.jpg 480w, https:\/\/www.herve-bennezon.com\/wp-content\/uploads\/2025\/10\/Cafe-Livre-800x1063.jpg 800w\" sizes=\"auto, (max-width: 1928px) 100vw, 1928px\" \/><\/figure>\n\n<div class=\"has-text-align-right wp-block-post-excerpt\"><p class=\"wp-block-post-excerpt__excerpt\">Retrouvez mon article \u00ab\u00a0Le souffle du vaste monde, du caf\u00e9 en Picardie au si\u00e8cle des Lumi\u00e8res\u00a0\u00bb, ouvrage collectif paru aux Presses universitaires<\/p><p class=\"wp-block-post-excerpt__more-text\"><a class=\"wp-block-post-excerpt__more-link\" href=\"https:\/\/www.herve-bennezon.com\/?p=431\">(lire la suite)<\/a><\/p><\/div>\n<\/li><\/ul><\/div>\n\n\n\n<hr class=\"wp-block-separator has-alpha-channel-opacity\"\/>\n\n\n\n<h4 class=\"wp-block-heading\">En vid\u00e9o<\/h4>\n\n\n\n<div class=\"wp-block-columns is-layout-flex wp-container-core-columns-is-layout-28f84493 wp-block-columns-is-layout-flex\">\n<div class=\"wp-block-column is-layout-flow wp-block-column-is-layout-flow\">\n<figure class=\"wp-block-embed is-type-video is-provider-youtube wp-block-embed-youtube wp-embed-aspect-16-9 wp-has-aspect-ratio\"><div class=\"wp-block-embed__wrapper\">\n<iframe loading=\"lazy\" title=\"Mis\u00e8re et violence en Picardie (1589-1789) - Conf\u00e9rence de Herv\u00e9 Bennezon  - &quot;Mardi des Archives&quot;\" width=\"1170\" height=\"658\" src=\"https:\/\/www.youtube.com\/embed\/-OzqCaeU7OY?feature=oembed\" frameborder=\"0\" allow=\"accelerometer; autoplay; clipboard-write; encrypted-media; gyroscope; picture-in-picture; web-share\" referrerpolicy=\"strict-origin-when-cross-origin\" allowfullscreen><\/iframe>\n<\/div><\/figure>\n<\/div>\n\n\n\n<div class=\"wp-block-column is-layout-flow wp-block-column-is-layout-flow\">\n<figure class=\"wp-block-embed is-type-video is-provider-youtube wp-block-embed-youtube wp-embed-aspect-16-9 wp-has-aspect-ratio\"><div class=\"wp-block-embed__wrapper\">\n<iframe loading=\"lazy\" title=\"Santerre : le XVIIIe si\u00e8cle, temps des progr\u00e8s dans les campagnes picardes\" width=\"1170\" height=\"658\" src=\"https:\/\/www.youtube.com\/embed\/ZOBes0bv3dE?start=1&#038;feature=oembed\" frameborder=\"0\" allow=\"accelerometer; autoplay; clipboard-write; encrypted-media; gyroscope; picture-in-picture; web-share\" referrerpolicy=\"strict-origin-when-cross-origin\" allowfullscreen><\/iframe>\n<\/div><\/figure>\n<\/div>\n\n\n\n<div class=\"wp-block-column is-layout-flow wp-block-column-is-layout-flow\">\n<figure class=\"wp-block-embed is-type-video is-provider-youtube wp-block-embed-youtube wp-embed-aspect-16-9 wp-has-aspect-ratio\"><div class=\"wp-block-embed__wrapper\">\n<iframe loading=\"lazy\" title=\"Les missions d&#039;un inspecteur de la S\u00fbret\u00e9 sous Louis XV  - Herv\u00e9  BENNEZON - &quot;Mardi des Archives&quot;\" width=\"1170\" height=\"658\" src=\"https:\/\/www.youtube.com\/embed\/Yrb5y7tke4Q?start=7&#038;feature=oembed\" frameborder=\"0\" allow=\"accelerometer; autoplay; clipboard-write; encrypted-media; gyroscope; picture-in-picture; web-share\" referrerpolicy=\"strict-origin-when-cross-origin\" allowfullscreen><\/iframe>\n<\/div><\/figure>\n<\/div>\n<\/div>\n\n\n\n<p class=\"has-text-align-right\"><a href=\"http:\/\/www.genealogie.herve-bennezon.com\/?page_id=283\">Voir toutes les \u00e9missions en ligne<\/a><\/p>\n\n\n\n<hr class=\"wp-block-separator has-alpha-channel-opacity\"\/>\n\n\n\n<div class=\"wp-block-query is-layout-flow wp-block-query-is-layout-flow\"><ul class=\"wp-block-post-template is-layout-flow wp-block-post-template-is-layout-flow\"><li class=\"wp-block-post post-419 post type-post status-publish format-standard has-post-thumbnail hentry category-emissions-en-ligne category-en-picardie\">\n<h4 class=\"wp-block-post-title\">Vid\u00e9o : conf\u00e9rence \u00ab Du caf\u00e9 en Picardie au si\u00e8cle des Lumi\u00e8res \u00bb<\/h4>\n\n<div class=\"wp-block-post-excerpt\"><p class=\"wp-block-post-excerpt__excerpt\">Samedi 11 janvier, le public de la SAP a eu le plaisir d\u2019\u00e9couter une conf\u00e9rence d&rsquo;Herv\u00e9 Bennezon sur le th\u00e8me \u00ab Du<\/p><p class=\"wp-block-post-excerpt__more-text\"><a class=\"wp-block-post-excerpt__more-link\" href=\"https:\/\/www.herve-bennezon.com\/?p=419\">(lire la suite)<\/a><\/p><\/div>\n<\/li><li class=\"wp-block-post post-345 post type-post status-publish format-standard has-post-thumbnail hentry category-les-inconnus-des-archives tag-elevage tag-commune-de-paris tag-courtemanche\">\n<h4 class=\"wp-block-post-title\">L\u2019univers d\u2019Am\u00e9d\u00e9e Bennezon (1840-1924), berger \u00e0 Courtemanche<\/h4>\n\n<div class=\"wp-block-post-excerpt\"><p class=\"wp-block-post-excerpt__excerpt\">Au cours de mes recherches aux Archives d\u00e9partementales de la Somme, j\u2019ai crois\u00e9 le nom d\u2019Am\u00e9d\u00e9e Bennezon, berger \u00e0 Courtemanche dont j\u2019ignorais<\/p><p class=\"wp-block-post-excerpt__more-text\"><a class=\"wp-block-post-excerpt__more-link\" href=\"https:\/\/www.herve-bennezon.com\/?p=345\">(lire la suite)<\/a><\/p><\/div>\n<\/li><li class=\"wp-block-post post-353 post type-post status-publish format-standard hentry category-emissions-en-ligne category-en-picardie tag-ancien-regime tag-archives-judiciaires\">\n<h4 class=\"wp-block-post-title\">Vid\u00e9o. Mis\u00e8re et violence en Picardie : conf\u00e9rence du 5 novembre 2024<\/h4>\n\n<div class=\"wp-block-post-excerpt\"><p class=\"wp-block-post-excerpt__excerpt\">Conserv\u00e9s aux Archives D\u00e9partementales de la Somme, de tr\u00e8s nombreux documents judiciaires l\u00e8vent le voile sur l\u2019essence des comportements collectifs, tout en<\/p><p class=\"wp-block-post-excerpt__more-text\"><a class=\"wp-block-post-excerpt__more-link\" href=\"https:\/\/www.herve-bennezon.com\/?p=353\">(lire la suite)<\/a><\/p><\/div>\n<\/li><li class=\"wp-block-post post-357 post type-post status-publish format-standard hentry category-revue-de-presse tag-courrier-picard tag-faits-divers tag-montdidier\">\n<h4 class=\"wp-block-post-title\">Conf\u00e9rence de Montdidier, 5 octobre 2024<\/h4>\n\n<div class=\"wp-block-post-excerpt\"><p class=\"wp-block-post-excerpt__excerpt\">Un article de Fr\u00e9d\u00e9ric Patte, du Courrier Picard, suite \u00e0 la conf\u00e9rence donn\u00e9e \u00e0 l&rsquo;H\u00f4tel-de-Ville de Montdidier dans la foul\u00e9e de la<\/p><p class=\"wp-block-post-excerpt__more-text\"><a class=\"wp-block-post-excerpt__more-link\" href=\"https:\/\/www.herve-bennezon.com\/?p=357\">(lire la suite)<\/a><\/p><\/div>\n<\/li><li class=\"wp-block-post post-263 post type-post status-publish format-standard has-post-thumbnail hentry category-en-picardie\">\n<h4 class=\"wp-block-post-title\">Volontaires de la 7e compagnie du 6e Bataillon de la Somme natifs du village d&rsquo;Hangest-en-Santerre (1792-an IV)<\/h4>\n\n<div class=\"wp-block-post-excerpt\"><p class=\"wp-block-post-excerpt__excerpt\">Le destin de nombreux fran\u00e7ais a bascul\u00e9 pendant la p\u00e9riode r\u00e9volutionnaire. Dans maints villages, la jeunesse s\u2019est engag\u00e9e en masse pour d\u00e9fendre<\/p><p class=\"wp-block-post-excerpt__more-text\"><a class=\"wp-block-post-excerpt__more-link\" href=\"https:\/\/www.herve-bennezon.com\/?p=263\">(lire la suite)<\/a><\/p><\/div>\n<\/li><li class=\"wp-block-post post-261 post type-post status-publish format-standard hentry category-en-picardie\">\n<h4 class=\"wp-block-post-title\">Epigraphie<\/h4>\n\n<div class=\"wp-block-post-excerpt\"><p class=\"wp-block-post-excerpt__excerpt\">Eglise du Mesnil-Saint-Georges (Somme), plaque fun\u00e9raire d&rsquo;Adrien Grault, XVIIe si\u00e8cle. \u00ab\u00a0Cy gist le corps de honorable hom[m]e Adrien Grault, nagu\u00e8re receveur de<\/p><p class=\"wp-block-post-excerpt__more-text\"><a class=\"wp-block-post-excerpt__more-link\" href=\"https:\/\/www.herve-bennezon.com\/?p=261\">(lire la suite)<\/a><\/p><\/div>\n<\/li><li class=\"wp-block-post post-266 post type-post status-publish format-standard has-post-thumbnail hentry category-en-picardie\">\n<h4 class=\"wp-block-post-title\">Soldats de l&#8217;empire natifs d&rsquo;Hangest-en-Santerre<\/h4>\n\n<div class=\"wp-block-post-excerpt\"><p class=\"wp-block-post-excerpt__excerpt\">De ces 61 militaires originaires d&rsquo;Hangest-en-Santerre, 20 sont morts ou ont disparu pendant une campagne napol\u00e9onienne. 8 ont \u00e9t\u00e9 fait prisonniers. La<\/p><p class=\"wp-block-post-excerpt__more-text\"><a class=\"wp-block-post-excerpt__more-link\" href=\"https:\/\/www.herve-bennezon.com\/?p=266\">(lire la suite)<\/a><\/p><\/div>\n<\/li><li class=\"wp-block-post post-224 post type-post status-publish format-standard hentry category-en-picardie\">\n<h4 class=\"wp-block-post-title\">Marques et signatures (XVI et XVIIe s.)<\/h4>\n\n<div class=\"wp-block-post-excerpt\"><p class=\"wp-block-post-excerpt__excerpt\">\u00ab\u00a0et il passa [\u00e0 Amiens, sur la Somme] ledit jour en batel, Hennequin Benneson, XXIII muyds de bl\u00e9, mesure d&rsquo;Amiens, appartenant \u00e0<\/p><p class=\"wp-block-post-excerpt__more-text\"><a class=\"wp-block-post-excerpt__more-link\" href=\"https:\/\/www.herve-bennezon.com\/?p=224\">(lire la suite)<\/a><\/p><\/div>\n<\/li><li class=\"wp-block-post post-198 post type-post status-publish format-standard hentry category-en-picardie category-revue-de-presse\">\n<h4 class=\"wp-block-post-title\">Montdidier : un marchand d&rsquo;oeufs tu\u00e9<\/h4>\n\n<div class=\"wp-block-post-excerpt\"><p class=\"wp-block-post-excerpt__excerpt\">Article paru dans Le Bonhomme Picard le mercredi 22 f\u00e9vrier 2023.<\/p><p class=\"wp-block-post-excerpt__more-text\"><a class=\"wp-block-post-excerpt__more-link\" href=\"https:\/\/www.herve-bennezon.com\/?p=198\">(lire la suite)<\/a><\/p><\/div>\n<\/li><li class=\"wp-block-post post-195 post type-post status-publish format-standard hentry category-en-picardie category-revue-de-presse\">\n<h4 class=\"wp-block-post-title\">A Montdidier, une bagarre dans une \u00e9glise en 1700<\/h4>\n\n<div class=\"wp-block-post-excerpt\"><p class=\"wp-block-post-excerpt__excerpt\">Article paru dans Le Bonhomme Picard, mercredi 21 avril 2021.<\/p><p class=\"wp-block-post-excerpt__more-text\"><a class=\"wp-block-post-excerpt__more-link\" href=\"https:\/\/www.herve-bennezon.com\/?p=195\">(lire la suite)<\/a><\/p><\/div>\n<\/li><li class=\"wp-block-post post-191 post type-post status-publish format-standard hentry category-en-picardie category-revue-de-presse\">\n<h4 class=\"wp-block-post-title\">Moreuil : le proc\u00e8s du si\u00e8cle<\/h4>\n\n<div class=\"wp-block-post-excerpt\"><p class=\"wp-block-post-excerpt__excerpt\">Article paru dans Le Bonhomme Picard, mercredi 29 avril 2021.<\/p><p class=\"wp-block-post-excerpt__more-text\"><a class=\"wp-block-post-excerpt__more-link\" href=\"https:\/\/www.herve-bennezon.com\/?p=191\">(lire la suite)<\/a><\/p><\/div>\n<\/li><li class=\"wp-block-post post-187 post type-post status-publish format-standard hentry category-en-picardie category-revue-de-presse\">\n<h4 class=\"wp-block-post-title\">Roye et Santerre : le loup est revenu<\/h4>\n\n<div class=\"wp-block-post-excerpt\"><p class=\"wp-block-post-excerpt__excerpt\">Article paru dans Le Bonhomme Picard, rubrique Montdidier, le mercredi 2 f\u00e9vrier 2022.<\/p><p class=\"wp-block-post-excerpt__more-text\"><a class=\"wp-block-post-excerpt__more-link\" href=\"https:\/\/www.herve-bennezon.com\/?p=187\">(lire la suite)<\/a><\/p><\/div>\n<\/li><\/ul>\n\n\n<hr class=\"wp-block-separator has-alpha-channel-opacity\"\/>\n\n\n<nav class=\"wp-block-query-pagination is-layout-flex wp-block-query-pagination-is-layout-flex\" aria-label=\"Pagination\">\n\n\n<div class=\"wp-block-query-pagination-numbers\"><span aria-label=\"Page 1\" aria-current=\"page\" class=\"page-numbers current\">1<\/span>\n<a aria-label=\"Page 2\" class=\"page-numbers\" href=\"?query-2-page=2&#038;rest_route=%2Fwp%2Fv2%2Fpages%2F83\">2<\/a>\n<a aria-label=\"Page 3\" class=\"page-numbers\" href=\"?query-2-page=3&#038;rest_route=%2Fwp%2Fv2%2Fpages%2F83\">3<\/a><\/div>\n\n<a href=\"\/index.php?rest_route=%2Fwp%2Fv2%2Fpages%2F83&#038;query-2-page=2\" class=\"wp-block-query-pagination-next\">Page suivante<\/a>\n<\/nav>\n\n<\/div>\n","protected":false},"excerpt":{"rendered":"<p>Les derniers livres Voir tous les livres En vid\u00e9o Voir toutes les \u00e9missions en ligne<\/p>\n","protected":false},"author":1,"featured_media":0,"parent":0,"menu_order":0,"comment_status":"closed","ping_status":"closed","template":"","meta":{"footnotes":""},"categories":[],"tags":[],"class_list":["post-83","page","type-page","status-publish","hentry"],"featured_image_src":null,"featured_image_src_square":null,"_links":{"self":[{"href":"https:\/\/www.herve-bennezon.com\/index.php?rest_route=\/wp\/v2\/pages\/83","targetHints":{"allow":["GET"]}}],"collection":[{"href":"https:\/\/www.herve-bennezon.com\/index.php?rest_route=\/wp\/v2\/pages"}],"about":[{"href":"https:\/\/www.herve-bennezon.com\/index.php?rest_route=\/wp\/v2\/types\/page"}],"author":[{"embeddable":true,"href":"https:\/\/www.herve-bennezon.com\/index.php?rest_route=\/wp\/v2\/users\/1"}],"replies":[{"embeddable":true,"href":"https:\/\/www.herve-bennezon.com\/index.php?rest_route=%2Fwp%2Fv2%2Fcomments&post=83"}],"version-history":[{"count":20,"href":"https:\/\/www.herve-bennezon.com\/index.php?rest_route=\/wp\/v2\/pages\/83\/revisions"}],"predecessor-version":[{"id":375,"href":"https:\/\/www.herve-bennezon.com\/index.php?rest_route=\/wp\/v2\/pages\/83\/revisions\/375"}],"wp:attachment":[{"href":"https:\/\/www.herve-bennezon.com\/index.php?rest_route=%2Fwp%2Fv2%2Fmedia&parent=83"}],"wp:term":[{"taxonomy":"category","embeddable":true,"href":"https:\/\/www.herve-bennezon.com\/index.php?rest_route=%2Fwp%2Fv2%2Fcategories&post=83"},{"taxonomy":"post_tag","embeddable":true,"href":"https:\/\/www.herve-bennezon.com\/index.php?rest_route=%2Fwp%2Fv2%2Ftags&post=83"}],"curies":[{"name":"wp","href":"https:\/\/api.w.org\/{rel}","templated":true}]}}