{"id":180,"date":"2024-09-05T15:31:48","date_gmt":"2024-09-05T15:31:48","guid":{"rendered":"http:\/\/www.genealogie.herve-bennezon.com\/?page_id=180"},"modified":"2024-09-05T15:32:52","modified_gmt":"2024-09-05T15:32:52","slug":"les-conferences-publiques","status":"publish","type":"page","link":"https:\/\/www.herve-bennezon.com\/?page_id=180","title":{"rendered":"Les conf\u00e9rences publiques"},"content":{"rendered":"\n<figure class=\"wp-block-image size-full\"><img loading=\"lazy\" decoding=\"async\" width=\"900\" height=\"592\" src=\"http:\/\/www.genealogie.herve-bennezon.com\/wp-content\/uploads\/2024\/09\/conferences.jpg\" alt=\"\" class=\"wp-image-182\" srcset=\"https:\/\/www.herve-bennezon.com\/wp-content\/uploads\/2024\/09\/conferences.jpg 900w, https:\/\/www.herve-bennezon.com\/wp-content\/uploads\/2024\/09\/conferences-800x526.jpg 800w, https:\/\/www.herve-bennezon.com\/wp-content\/uploads\/2024\/09\/conferences-300x197.jpg 300w, https:\/\/www.herve-bennezon.com\/wp-content\/uploads\/2024\/09\/conferences-768x505.jpg 768w, https:\/\/www.herve-bennezon.com\/wp-content\/uploads\/2024\/09\/conferences-230x151.jpg 230w, https:\/\/www.herve-bennezon.com\/wp-content\/uploads\/2024\/09\/conferences-350x230.jpg 350w, https:\/\/www.herve-bennezon.com\/wp-content\/uploads\/2024\/09\/conferences-480x316.jpg 480w\" sizes=\"auto, (max-width: 900px) 100vw, 900px\" \/><\/figure>\n\n\n\n<h3 class=\"wp-block-heading\">A venir<\/h3>\n\n\n\n<p><strong>5 novembre 2024, <em>Les mardis des Archives<\/em>, Archives D\u00e9partementales de la Somme, 61 rue Saint-Fuscien, Amiens, 18h30 : \u00ab\u00a0Mis\u00e8re et violence en Picardie (1589-1789), deux si\u00e8cles de confrontations sociales\u00a0\u00bb.<\/strong><\/p>\n\n\n\n<p><strong>5 octobre 2024,<\/strong> <strong>Cercle Maurice-Blanchard,<\/strong> <strong>Montdidier, 14 h.,<\/strong> <strong>\u00ab\u00a0Mis\u00e8re et violence en Picardie (1589-1789), deux si\u00e8cles de confrontations sociales\u00a0\u00bb.<\/strong><\/p>\n\n\n\n<h3 class=\"wp-block-heading\">Pass\u00e9es<\/h3>\n\n\n\n<p>22 juin 2024, Association M\u00e9moire du Santerre, Centre culturel de Moreuil, 14h30, \u00ab\u00a0Lendemains de guerre dans la Somme (1918-1936). L&rsquo;exemple de Moreuil et de ses environs\u00a0\u00bb.<\/p>\n\n\n\n<p>6 avril 2024, Cercle Maurice-Blanchard, Montdidier, 15 h., \u00ab\u00a0Alexandre-Ferdinand Lapostolle (1749-1831), un savant ami\u00e9nois et son temps\u00a0\u00bb. Conf\u00e9rence \u00e0 deux voix en collaboration avec Jean-Christophe Momal, professeur agr\u00e9g\u00e9 d&rsquo;Histoire-G\u00e9ographie au Lyc\u00e9e Louis-Thuillier d&rsquo;Amiens.<\/p>\n\n\n\n<p>25 novembre 2023, Centre culturel de Moreuil, 15 h., 2 rue Gambetta, \u00ab\u00a0Mis\u00e8re et violence en Picardie (1589-1789), deux si\u00e8cles de confrontations sociales\u00a0\u00bb.<\/p>\n\n\n\n<p>21 novembre 2023, Universit\u00e9 de Clermont-Ferrand, \u00ab\u00a0Le souffle du vaste monde en Picardie, XVe-XVIIIe si\u00e8cles\u00a0\u00bb.<\/p>\n\n\n\n<p>16 novembre 2023, Auditorium du Mus\u00e9e de Picardie, Amiens, 14h., \u00ab\u00a0Traces de l&rsquo;exp\u00e9rience sourde \u00e0 partir des archives picardes, XVIIe-XVIIIe si\u00e8cles\u00a0\u00bb.<\/p>\n\n\n\n<p>21 octobre 2023, Soci\u00e9t\u00e9 Historique de Compi\u00e8gne, clo\u00eetre Saint-Corneille, salle Le Chatellier, Compi\u00e8gne, 15h., \u00ab\u00a0Mis\u00e8re et violence en Picardie (1589-1789), deux si\u00e8cles de confrontations sociales\u00a0\u00bb.<\/p>\n\n\n\n<p>5 octobre 2023, Acad\u00e9mie des Sciences, des Lettres et des Arts d&rsquo;Amiens, Soci\u00e9t\u00e9 des Antiquaires de Picardie, conf\u00e9rence \u00e0 la Com\u00e9die de Picardie, Amiens,18h30, \u00ab\u00a0Mis\u00e8re et violence en Picardie (1589-1789), deux si\u00e8cles de confrontations sociales\u00a0\u00bb.<\/p>\n\n\n\n<p>10 juin 2023, Festival du livre de Moreuil, conf\u00e9rence-d\u00e9dicace autour du livre \u00ab\u00a0La Vie en Picardie au XVIII<sup>e<\/sup> si\u00e8cle, du caf\u00e9 dans les campagnes\u00a0\u00bb, Centre culturel de Moreuil, 15h.<\/p>\n\n\n\n<p>9 juin 2023, Journ\u00e9e du Service Intercommunal d&rsquo;Archives de la Vall\u00e9e de la Ni\u00e8vre, Picquigny, 20 h., \u00ab\u00a0Alexandre-Ferdinand Lapostolle (1749-1831), un savant ami\u00e9nois et son temps\u00a0\u00bb. Conf\u00e9rence \u00e0 deux voix en collaboration avec Jean-Christophe Momal, professeur agr\u00e9g\u00e9 d&rsquo;Histoire-G\u00e9ographie au Lyc\u00e9e Louis-Thuillier d&rsquo;Amiens.<\/p>\n\n\n\n<p>21 f\u00e9vrier 2023, Association <em>M\u00e9moire du Santerre<\/em>, Mus\u00e9e de la Bonneterie de Moreuil, \u00ab&nbsp;Les bateliers de la Somme et de l\u2019Avre du XIII<sup>e<\/sup> au XIX<sup>e<\/sup> si\u00e8cle&nbsp;\u00bb.<\/p>\n\n\n\n<p>13 janvier 2023, \u00ab\u00a0L&rsquo;univers de Jean Poussot, inspecteur de la s\u00fbret\u00e9 de Paris sous Louis XV\u00a0\u00bb. Communication au s\u00e9minaire de Master \u00ab\u00a0Centres et marges de l&rsquo;histoire\u00a0\u00bb organis\u00e9 par Camille Desenclos, MCF \u00e0 l&rsquo;Universit\u00e9 de Picardie-Jules Verne \u00e0 Amiens, amphi C 001, 14h30.<\/p>\n\n\n\n<p>19 novembre 2022, H\u00f4tel de Ville de Montdidier, 14h., \u00ab\u00a0Les tisserands du Santerre au XVIIIe si\u00e8cle\u00a0\u00bb.<\/p>\n\n\n\n<p>22 octobre 2022, Ch\u00e2teau de Mont\u00e9pilloy, 18h., \u00ab\u00a0La terre et les hommes dans le Santerre au Si\u00e8cle des Lumi\u00e8res, mobilit\u00e9s picardes\u00a0\u00bb.<\/p>\n\n\n\n<p>7 avril 2022, Universit\u00e9 de Nantes, Journ\u00e9e d&rsquo;\u00e9tude <em>Le caf\u00e9, un produit-monde, contribution \u00e0 l&rsquo;\u00e9tude de la mondialisation, \u00e0 partir du cas de la France et des colonies<\/em>, \u00ab\u00a0L&rsquo;introduction du caf\u00e9 dans les campagnes de Picardie au XVIIIe si\u00e8cle\u00a0\u00bb.<\/p>\n\n\n\n<p>22 mars 2022, Archives d\u00e9partementales de la Somme, Amiens, 18h.30, <em>Les mardis des Archives<\/em>, \u00ab\u00a0Alexandre-Ferdinand Lapostolle (1749-1831), un savant ami\u00e9nois et son temps\u00a0\u00bb. Conf\u00e9rence \u00e0 deux voix en collaboration avec Jean-Christophe Momal, professeur agr\u00e9g\u00e9 d&rsquo;Histoire-G\u00e9ographie au Lyc\u00e9e Louis-Thuillier d&rsquo;Amiens.<\/p>\n\n\n\n<p>30 novembre 2021, Colloque \u00e0 l&rsquo;UPJV d&rsquo;Amiens, <em>Territoires historiques ; Les Espaces maritimes, continuit\u00e9s et discontinuit\u00e9s<\/em>, \u00ab\u00a0Le port de Saint-Valery et son hinterland, des touches d&rsquo;exotisme en Picardie (XVe-XVIIIe si\u00e8cle)\u00a0\u00bb.<\/p>\n\n\n\n<p>12 novembre 2021, Salle des f\u00eates de Montdidier, 20h., Cercle Maurice-Blanchard, \u00ab\u00a0La terre et les hommes dans le Santerre au si\u00e8cle des Lumi\u00e8res\u00a0\u00bb.<\/p>\n\n\n\n<p>5 octobre 2021, Archives d\u00e9partementales de la Somme, Amiens, 18h.30, <em>Les mardis des Archives<\/em>, \u00a0\u00bb Les missions d&rsquo;un inspecteur de police parisien sous Louis XV, Jean Poussot (1703-1791)\u00a0\u00bb.<\/p>\n\n\n\n<p>19 septembre 2021, Mairie de Douriez (Pas-de-Calais), \u00ab\u00a0La coll\u00e9giale Saint-Riquier de Douriez, de la Renaissance \u00e0 la R\u00e9volution\u00a0\u00bb.<\/p>\n\n\n\n<p>13 janvier 2021, UPJV, Amiens, S\u00e9minaire de Marie Houllemare, \u00ab\u00a0l&rsquo;introduction des produits coloniaux en Picardie \u00e0 l&rsquo;Epoque moderrne\u00a0\u00bb (conf\u00e9rence sur zoom).<\/p>\n\n\n\n<p>26 f\u00e9vrier 2020, EHESS, Paris, S\u00e9minaire de G\u00e9rard B\u00e9aur, \u00ab\u00a0l&rsquo;introduction des produits exotiques dans les campagnes picardes \u00e0 l&rsquo;Epoque moderrne\u00a0\u00bb.<\/p>\n\n\n\n<p>13 d\u00e9cembre 2019, Universit\u00e9 de Picardie (UPJV), 11 h., S\u00e9minaire de Master de Marie Houllemare, \u00ab\u00a0Construire le pouvoir \u00e0 travers l&rsquo;exemple de la police parisienne sous Louis XV\u00a0\u00bb.<\/p>\n\n\n\n<p>28 septembre 2019, <em>L&rsquo;IMAGINARIUM<\/em> de L&rsquo;ISLE-ADAM, Journ\u00e9e des Auteurs et d\u00e9dicaces.<\/p>\n\n\n\n<p>13 septembre 2019, 54 et 105 boulevard Raspail, Paris, 14h30, Conf\u00e9rence internationale en Histoire rurale, EHESS, \u00ab\u00a0L&rsquo;introduction des produits coloniaux dans les campagnes de Picardie au 18e si\u00e8cle\u00a0\u00bb.<\/p>\n\n\n\n<p>7 septembre 2019, Biblioth\u00e8que Louis-Aragon, Amiens,&nbsp; 14h30., Soci\u00e9t\u00e9 des Antiquaires de Picardie, \u00ab\u00a0Lendemains de guerre dans le Santerre, la reprise en main des populations (1918-1936)\u00a0\u00bb.<\/p>\n\n\n\n<p>29 mars 2019, H\u00f4tel de Ville de Montdidier, 20 h., Cercle Maurice-Blanchard, \u00ab\u00a0Lendemains de guerre dans le Santerre, la reprise en main des populations (1918-1936)\u00a0\u00bb.<\/p>\n\n\n\n<p>27 mars 2019, Universit\u00e9 de Picardie (UPJV), Amiens,14 h., S\u00e9minaire des M1et M2 de Scarlett Beauvalet, \u00ab\u00a0Sources et m\u00e9thodes, r\u00e9aliser une histoire des campagnes \u00e0 l&rsquo;Epoque moderne\u00a0\u00bb.<\/p>\n\n\n\n<p>La conf\u00e9rence du 12 janvier 2019 \u00e0 Amiens, Biblioth\u00e8que Louis-Aragon (Lendemains de guerre dans la Somme, le quotidien des Picards entre 1918 et 1936), est report\u00e9e \u00e0 septembre 2019.<\/p>\n\n\n\n<p>8 novembre 2018, Archives d\u00e9partementales de la Somme, Amiens, \u00ab\u00a0Comm\u00e9morer la Grande Guerre, hier et aujourd&rsquo;hui : devenir acteur de la m\u00e9moire, le projet Mars 1918 2.0 du coll\u00e8ge Sainte-Famille \u00e0 Amiens\u00a0\u00bb.<\/p>\n\n\n\n<p>26 mai 2018, Mairie de Cantigny (Somme), \u00ab\u00a0Lendemains de guerre dans la Somme (1918-1936), la reprise en main des populations\u00a0\u00bb.<\/p>\n\n\n\n<p>6 mars 2018, Maison de la Recherche en Sciences Humaines de Caen, S\u00e9minaire de Jean-Marc Moriceau, \u00a0\u00bb Vivre en Pays de Santerre au si\u00e8cle des Lumi\u00e8res, des campagnes sous influence\u00a0\u00bb.<\/p>\n\n\n\n<p>1er avril 2017, Soci\u00e9t\u00e9 d&rsquo;Histoire de Pontoise et du Vexin, Pontoise, \u00ab\u00a0Transferts culturels en Picardie au XVIIIe si\u00e8cle\u00a0\u00bb.<\/p>\n\n\n\n<p>20 octobre 2016, Journ\u00e9es nationales de l&rsquo;Association des Professeurs d&rsquo;Histoire-G\u00e9ographie, Amiens, Coll\u00e8ge Amiral-Lejeune, \u00ab\u00a0Les civils dans la guerre en Picardie depuis le Moyen Age\u00a0\u00bb.<\/p>\n\n\n\n<p><em>1er f\u00e9vrier 2015, 3e&nbsp;Salon du livre d\u2019Argenteuil, Salle Jean-Vilar,<\/em>&nbsp;\u00ab&nbsp;Les campagnes d\u2019Ile-de-France \u00e0 l\u2019\u00e9poque pr\u00e9industrielle (XVIe-XVIIIe&nbsp;si\u00e8cles)&nbsp;\u00bb.<\/p>\n\n\n\n<p>13 d\u00e9cembre 2014, Salle Lucie-Aubrac, Montmorency (Val d\u2019Oise), Soci\u00e9t\u00e9 historique de Montmorency et de ses environs, \u00ab&nbsp;En Picardie au temps des Lumi\u00e8res, du caf\u00e9 dans les campagnes \u00bb.<\/p>\n\n\n\n<p>22 novembre 2014, Argenteuil (Val d\u2019Oise), Soci\u00e9t\u00e9 historique et arch\u00e9ologique d\u2019Argenteuil et du Parisis, \u00ab&nbsp;Vivre en Picardie au temps des Lumi\u00e8res, des campagnes sous influence&nbsp;\u00bb.<\/p>\n\n\n\n<p>18 juin 2014, Institut historique allemand de Paris et PLEIADE de Paris-13. Madame de Pompadour \u2013 La favorite et ses r\u00e9seaux en perspective europ\u00e9enne&nbsp;: \u00ab&nbsp;Une police parisienne r\u00e9organis\u00e9e, au service de Madame de Pompadour&nbsp;\u00bb.<\/p>\n\n\n\n<p>12 mars 2014, Universit\u00e9 Paris-13 Villetaneuse. Centre de Recherche Espaces, Soci\u00e9t\u00e9s, Cultures (CRESC). S\u00e9minaire du professeur Marie-Jos\u00e9 Michel, \u00ab\u00a0Sur la table de l&rsquo;ancienne France ; d\u00e9ch\u00e9ances et succ\u00e8s des produits alimentaires\u00a0\u00bb.<\/p>\n\n\n\n<p>9 f\u00e9vrier 2014, 2e Salon du livre d&rsquo;Argenteuil, \u00ab\u00a0Les campagnes d&rsquo;Ile-de-France \u00e0 l&rsquo;\u00e9poque pr\u00e9industrielle (XVIe-XVIIIe si\u00e8cles)\u00a0\u00bb.<\/p>\n\n\n\n<p>14 janvier 2014, Archives d\u00e9partementales de la Somme, Amiens, \u00ab&nbsp;Vivre au Pays de Santerre au temps des Lumi\u00e8res, de l\u2019eau de vie au caf\u00e9&nbsp;\u00bb.<\/p>\n\n\n\n<p>5 octobre 2013, M\u00e9diath\u00e8que de Saint-Leu-la-For\u00eat (Val d\u2019Oise), \u00ab&nbsp;La vie quotidienne dans les campagnes d\u2019Ile-de-France avant la R\u00e9volution&nbsp;\u00bb.<\/p>\n\n\n\n<p>14 septembre 2013, Mairie d\u2019Argenteuil (Val d\u2019Oise), \u00ab&nbsp;Pr\u00e9sentation du livre&nbsp;<em>Histoire d\u2019Argenteuil&nbsp;<\/em>\u00bb.<\/p>\n\n\n\n<p>25 mai 2013, M\u00e9diath\u00e8que de Choisy-au-Bac (Oise), \u00ab&nbsp;L\u2019\u00e9pop\u00e9e du caf\u00e9, la Picardie au si\u00e8cle des Lumi\u00e8res&nbsp;\u00bb.<\/p>\n\n\n\n<p>12 janvier 2013, Biblioth\u00e8que Guy de Maupassant, Saint-Quentin (Aisne), \u00ab&nbsp;Mobilit\u00e9s picardes au si\u00e8cle des Lumi\u00e8res \u00bb.<\/p>\n\n\n\n<p>25 novembre 2012, Argenteuil (Val d\u2019Oise), Soci\u00e9t\u00e9 historique et arch\u00e9ologique d\u2019Argenteuil et du Parisis, \u00ab&nbsp;Montreuil au XVIIe&nbsp;si\u00e8cle, un village \u00e0 l\u2019ombre de Paris&nbsp;\u00bb.<\/p>\n\n\n\n<p>20 octobre 2012, Les Rendez-Vous de l\u2019Histoire de Blois, 14h15-15h45 &#8211; amphi 2, Universit\u00e9 de Blois, \u00ab&nbsp;<em>Des premiers agriculteurs aux rurbains<\/em>&nbsp;\u00bb, table-ronde avec Christophe Chandezon, professeur d\u2019histoire ancienne \u00e0 l\u2019Universit\u00e9 de Montpellier, Jocelyne Peigney, professeur de Lettres classiques \u00e0 l\u2019Universit\u00e9 de Tours, Christine Bousquet, MCF en histoire m\u00e9di\u00e9vale \u00e0 l\u2019Universit\u00e9 de Tours.<\/p>\n\n\n\n<p>4 avril 2012, Universit\u00e9 Paris-13 Villetaneuse. \u00ab&nbsp;Les raret\u00e9s dans les int\u00e9rieurs picards et franciliens au XVIIIe&nbsp;si\u00e8cle&nbsp;\u00bb.<\/p>\n\n\n\n<p>11 f\u00e9vrier 2012, Mus\u00e9e de Picardie, Soci\u00e9t\u00e9 des Antiquaires de Picardie, Amiens, \u00ab&nbsp;En Picardie au si\u00e8cle des Lumi\u00e8res, des campagnes sous influence&nbsp;\u00bb.<\/p>\n\n\n\n<p>6 janvier 2012, Coll\u00e8ge du Temps Retrouv\u00e9, Eaubonne, \u00ab&nbsp;Montreuil au temps du Roi-Soleil, une campagne id\u00e9ale&nbsp;? \u00bb.<\/p>\n\n\n\n<p>25 juin 2011, Office du tourisme de Montreuil-sous-Bois, \u00ab&nbsp;Festival des p\u00eaches en folies&nbsp;\u00bb, \u00ab&nbsp;Montreuil sous le r\u00e8gne de Louis XIV&nbsp;\u00bb.<\/p>\n\n\n\n<p>11 avril 2011, Les Rendez-vous de l\u2019Histoire de Blois, r\u00e9seau des caf\u00e9s historiques en r\u00e9gion Centre, Caf\u00e9 le Saint-Hubert, Ch\u00e2teauroux, \u00ab&nbsp;Les campagnes parisiennes \u00e0 l\u2019\u00e9poque moderne&nbsp;\u00bb.<\/p>\n\n\n\n<p>6 avril 2011, Universit\u00e9 Paris-13 Villetaneuse, Centre de Recherche Espaces, Soci\u00e9t\u00e9s, Cultures (CRESC). S\u00e9minaire \u00ab&nbsp;De la Terre et du ciel&nbsp;\u00bb du Professeur Marie-Jos\u00e9 Michel, \u00ab L\u2019influence des \u00e9lites parisiennes sur les campagnes d\u2019Ile-de-France au XVIIe&nbsp;si\u00e8cle&nbsp;\u00bb.&nbsp;<\/p>\n\n\n\n<p>12 mars 2011, Salle des Conf\u00e9rences de Montmorency (Val d\u2019Oise), Soci\u00e9t\u00e9 historique de Montmorency et de ses environs, \u00ab&nbsp;Des hommes de l\u2019ombre au service de l\u2019Etat au XVIIIe&nbsp;si\u00e8cle&nbsp;\u00bb.<\/p>\n\n\n\n<p>10 mars 2010, Universit\u00e9 Paris-13 Villetaneuse, Centre de Recherche Espaces, Soci\u00e9t\u00e9s, Cultures (CRESC). S\u00e9minaire \u00ab&nbsp;De la Terre et du ciel&nbsp;\u00bb du Professeur Marie-Jos\u00e9 Michel, \u00ab&nbsp;Les mobilit\u00e9s rurales en Picardie au XVIIIe si\u00e8cle&nbsp;\u00bb.<\/p>\n\n\n\n<p>13 f\u00e9vrier 2010, M\u00e9diath\u00e8que d\u2019Eaubonne (Val d\u2019Oise), CRESC de Paris-13, \u00ab&nbsp;Les campagnes parisiennes au XVIIe&nbsp;si\u00e8cle&nbsp;\u00bb.<\/p>\n\n\n\n<p>11 d\u00e9cembre 2009, Universit\u00e9 Paris-13 Villetaneuse, Journ\u00e9e d\u2019\u00e9tude du Centre de Recherche Espaces, Soci\u00e9t\u00e9s, Cultures (CRESC), \u00ab&nbsp;Le Grand Paris, de la Renaissance \u00e0 la R\u00e9volution&nbsp;\u00bb.<\/p>\n\n\n\n<p>26 novembre 2009, Universit\u00e9 Rennes-2, Journ\u00e9e d\u2019\u00e9tude du Groupe de Recherche Soci\u00e9t\u00e9s Rurales (CNRS Cerhio), \u00ab&nbsp;Entre n\u00e9goce et champs de bataille, la famille Le Roux au Si\u00e8cle des Lumi\u00e8res&nbsp;\u00bb.<\/p>\n\n\n\n<p>29 mai 2009, EHESS, S\u00e9minaire de G\u00e9rard B\u00e9aur, \u00ab&nbsp;Un village \u00e0 l\u2019ombre de Paris, Montreuil sous Louis XIV&nbsp;\u00bb.<\/p>\n\n\n\n<p>28 mai 2009, Universit\u00e9 Paris-13 Villetaneuse, Journ\u00e9e d\u2019\u00e9tude du Centre de Recherche Espaces, Soci\u00e9t\u00e9s, Cultures (CRESC), \u00ab&nbsp;Mobilit\u00e9s rurales, l\u2019exemple des campagnes du Santerre au XVIIIe si\u00e8cle&nbsp;\u00bb.<\/p>\n\n\n\n<p>10 avril 2009, Salle des Conf\u00e9rences de la Mairie de Paris, Association d\u2019Histoire du Vingti\u00e8me Arrondissement (AHVA), \u00ab&nbsp;La vie \u00e0 l\u2019ombre de Paris, Montreuil sous Louis XIV&nbsp;\u00bb.<\/p>\n\n\n\n<p>15 novembre 2008, Salle des Conf\u00e9rences de Montmorency (Val d\u2019Oise), Soci\u00e9t\u00e9 historique de Montmorency et de ses environs, \u00ab&nbsp;Un village \u00e0 l\u2019ombre de Paris, Montreuil sous Louis XIV&nbsp;\u00bb.<\/p>\n\n\n\n<p>26 f\u00e9vrier 2008, Universit\u00e9 de Lisbonne, VIIth&nbsp;European Social Science History Conference (ESSHC), \u00ab&nbsp;A village close to Paris. Montreuil during the reign of King Louis XIV&nbsp;\u00bb.<\/p>\n\n\n\n<p>30 mars 2007, Mairie de Rosny-sous-Bois (Seine-Saint-Denis), Soci\u00e9t\u00e9 d\u2019Histoire et d\u2019Etudes Prospectives. Conf\u00e9rence-d\u00e9bat sur \u00ab&nbsp;Les m\u00e9diateurs culturels \u00e0 l\u2019ombre de Paris&nbsp;\u00bb.<\/p>\n\n\n\n<p>7 mars 2007, Universit\u00e9 Paris-13 Villetaneuse, Centre de Recherche Espaces, Soci\u00e9t\u00e9s, Cultures (CRESC), S\u00e9minaire \u00ab&nbsp;De la Terre et du ciel&nbsp;\u00bb du Professeur Marie-Jos\u00e9 Michel, \u00ab&nbsp;un village \u00e0 l\u2019ombre de Paris&nbsp;: Montreuil sous Louis XIV&nbsp;\u00bb.<\/p>\n\n\n\n<p>12 d\u00e9cembre 2006, Universit\u00e9 Paris-4, Chancellerie des Universit\u00e9s de Paris. Pr\u00e9sentation de la th\u00e8se lors de la remise du Prix Mariette-B\u00e9nabou de la Chancellerie des Universit\u00e9s de Paris&nbsp;: \u00ab&nbsp;Un village \u00e0 l\u2019ombre de Paris&nbsp;: Montreuil sous Louis XIV&nbsp;\u00bb.<\/p>\n\n\n\n<p>26 avril 2006, Universit\u00e9 Paris-13 Villetaneuse, Centre de Recherche Espaces, Soci\u00e9t\u00e9s, Cultures (CRESC). S\u00e9minaire du Professeur Robert Muchembled, \u00ab&nbsp;Histoire et connaissance des civilisations&nbsp;\u00bb. Communication&nbsp;: \u00ab&nbsp;Montreuil sous le r\u00e8gne de Louis XIV&nbsp;\u00bb.<\/p>\n\n\n\n<p>25 avril 2003, Universit\u00e9 Paris-13 Villetaneuse, Centre de Recherche Espaces, Soci\u00e9t\u00e9s, Cultures (CRESC). S\u00e9minaire du Professeur Robert Muchembled, \u00ab&nbsp;Histoire et connaissance des civilisations&nbsp;\u00bb. Communication&nbsp;: \u00ab&nbsp;Les inventaires apr\u00e8s d\u00e9c\u00e8s des campagnes franciliennes au XVIIe&nbsp;si\u00e8cle&nbsp;\u00bb.<\/p>\n\n\n\n<p>14 d\u00e9cembre 2001, Universit\u00e9 Paris-13 Villetaneuse, Centre de Recherche Espaces, Soci\u00e9t\u00e9s, Cultures (CRESC). S\u00e9minaire du Professeur Marie-Jos\u00e9 Michel, \u00ab&nbsp;Histoire et connaissance des civilisations&nbsp;\u00bb. Communication&nbsp;: \u00ab&nbsp;L\u2019alimentation, vue des environs de Paris&nbsp;\u00bb.<\/p>\n\n\n\n<p>9 mars 2001, Universit\u00e9 Paris-13 Villetaneuse, Centre de Recherche Espaces, Soci\u00e9t\u00e9s, Cultures (CRESC). S\u00e9minaire du Professeur Robert Muchembled, \u00ab&nbsp;Histoire et connaissance des civilisations&nbsp;\u00bb. Communication&nbsp;: \u00ab&nbsp;La sociabilit\u00e9 autour de Paris, des m\u00e9diateurs culturels \u00e0 Montreuil sous Louis XIV&nbsp;?&nbsp;\u00bb.<\/p>\n\n\n\n<p>11 mai 1999, Universit\u00e9 Paris-13 Villetaneuse, Centre de Recherche Espaces, Soci\u00e9t\u00e9s, Cultures (CRESC). S\u00e9minaire du Professeur Marie-Jos\u00e9 Michel, \u00ab&nbsp;Histoire et connaissance des civilisations&nbsp;\u00bb. Communication&nbsp;: \u00ab&nbsp;Les sources concernant l\u2019histoire de Montreuil-sous-Bois \u00e0 l\u2019\u00e9poque moderne&nbsp;\u00bb.<\/p>\n\n\n\n<p>10 avril 1999, M\u00e9diath\u00e8que d\u2019Eaubonne (Val d\u2019Oise), \u00ab&nbsp;A l\u2019ombre de Paris, l\u2019Ile-de-France, XVII<sup>e<\/sup>-XIX<sup>e<\/sup> si\u00e8cles\u00a0\u00bb<\/p>\n\n\n\n<p>Conf\u00e9rence table ronde avec Jacques Verger, professeur d\u2019histoire m\u00e9di\u00e9vale \u00e0 l\u2019Universit\u00e9 Paris-4, Marie-Jos\u00e9 Michel (Professeur \u00e0 Paris-13), Thierry Rentet (MCF \u00e0 Paris-13), Herv\u00e9 Bennezon, membre du Centre de Recherche Espaces, Soci\u00e9t\u00e9s, Cultures (CRESC) de l\u2019Universit\u00e9 Paris-13.<\/p>\n","protected":false},"excerpt":{"rendered":"<p>A venir 5 novembre 2024, Les mardis des Archives, Archives D\u00e9partementales de la Somme, 61 rue Saint-Fuscien, Amiens, 18h30 : \u00ab\u00a0Mis\u00e8re et [&hellip;]<\/p>\n","protected":false},"author":1,"featured_media":0,"parent":0,"menu_order":0,"comment_status":"closed","ping_status":"closed","template":"","meta":{"footnotes":""},"categories":[],"tags":[],"class_list":["post-180","page","type-page","status-publish","hentry"],"featured_image_src":null,"featured_image_src_square":null,"_links":{"self":[{"href":"https:\/\/www.herve-bennezon.com\/index.php?rest_route=\/wp\/v2\/pages\/180","targetHints":{"allow":["GET"]}}],"collection":[{"href":"https:\/\/www.herve-bennezon.com\/index.php?rest_route=\/wp\/v2\/pages"}],"about":[{"href":"https:\/\/www.herve-bennezon.com\/index.php?rest_route=\/wp\/v2\/types\/page"}],"author":[{"embeddable":true,"href":"https:\/\/www.herve-bennezon.com\/index.php?rest_route=\/wp\/v2\/users\/1"}],"replies":[{"embeddable":true,"href":"https:\/\/www.herve-bennezon.com\/index.php?rest_route=%2Fwp%2Fv2%2Fcomments&post=180"}],"version-history":[{"count":2,"href":"https:\/\/www.herve-bennezon.com\/index.php?rest_route=\/wp\/v2\/pages\/180\/revisions"}],"predecessor-version":[{"id":183,"href":"https:\/\/www.herve-bennezon.com\/index.php?rest_route=\/wp\/v2\/pages\/180\/revisions\/183"}],"wp:attachment":[{"href":"https:\/\/www.herve-bennezon.com\/index.php?rest_route=%2Fwp%2Fv2%2Fmedia&parent=180"}],"wp:term":[{"taxonomy":"category","embeddable":true,"href":"https:\/\/www.herve-bennezon.com\/index.php?rest_route=%2Fwp%2Fv2%2Fcategories&post=180"},{"taxonomy":"post_tag","embeddable":true,"href":"https:\/\/www.herve-bennezon.com\/index.php?rest_route=%2Fwp%2Fv2%2Ftags&post=180"}],"curies":[{"name":"wp","href":"https:\/\/api.w.org\/{rel}","templated":true}]}}